{"version":"1.0","provider_name":"Rouven K\u00f6tter","provider_url":"https:\/\/rouvenkoetter.de","author_name":"Rouven K\u00f6tter","author_url":"https:\/\/rouvenkoetter.de\/index.php\/author\/koetter\/","title":"Klimaschutz durch W\u00e4rmeplanung","type":"rich","width":600,"height":338,"html":"<blockquote class=\"wp-embedded-content\" data-secret=\"s6h3SiuvIA\"><a href=\"https:\/\/rouvenkoetter.de\/index.php\/2023\/07\/12\/klimaschutz-durch-waermeplanung\/\">Klimaschutz durch W\u00e4rmeplanung<\/a><\/blockquote><iframe sandbox=\"allow-scripts\" security=\"restricted\" src=\"https:\/\/rouvenkoetter.de\/index.php\/2023\/07\/12\/klimaschutz-durch-waermeplanung\/embed\/#?secret=s6h3SiuvIA\" width=\"600\" height=\"338\" title=\"&#8222;Klimaschutz durch W\u00e4rmeplanung&#8220; &#8211; Rouven K\u00f6tter\" data-secret=\"s6h3SiuvIA\" frameborder=\"0\" marginwidth=\"0\" marginheight=\"0\" scrolling=\"no\" class=\"wp-embedded-content\"><\/iframe><script type=\"text\/javascript\">\n\/* <![CDATA[ *\/\n\/*! This file is auto-generated *\/\n!function(d,l){\"use strict\";l.querySelector&&d.addEventListener&&\"undefined\"!=typeof URL&&(d.wp=d.wp||{},d.wp.receiveEmbedMessage||(d.wp.receiveEmbedMessage=function(e){var t=e.data;if((t||t.secret||t.message||t.value)&&!\/[^a-zA-Z0-9]\/.test(t.secret)){for(var s,r,n,a=l.querySelectorAll('iframe[data-secret=\"'+t.secret+'\"]'),o=l.querySelectorAll('blockquote[data-secret=\"'+t.secret+'\"]'),c=new RegExp(\"^https?:$\",\"i\"),i=0;i<o.length;i++)o[i].style.display=\"none\";for(i=0;i<a.length;i++)s=a[i],e.source===s.contentWindow&&(s.removeAttribute(\"style\"),\"height\"===t.message?(1e3<(r=parseInt(t.value,10))?r=1e3:~~r<200&&(r=200),s.height=r):\"link\"===t.message&&(r=new URL(s.getAttribute(\"src\")),n=new URL(t.value),c.test(n.protocol))&&n.host===r.host&&l.activeElement===s&&(d.top.location.href=t.value))}},d.addEventListener(\"message\",d.wp.receiveEmbedMessage,!1),l.addEventListener(\"DOMContentLoaded\",function(){for(var e,t,s=l.querySelectorAll(\"iframe.wp-embedded-content\"),r=0;r<s.length;r++)(t=(e=s[r]).getAttribute(\"data-secret\"))||(t=Math.random().toString(36).substring(2,12),e.src+=\"#?secret=\"+t,e.setAttribute(\"data-secret\",t)),e.contentWindow.postMessage({message:\"ready\",secret:t},\"*\")},!1)))}(window,document);\n\/* ]]> *\/\n<\/script>\n","thumbnail_url":"https:\/\/rouvenkoetter.de\/wp-content\/uploads\/2023\/07\/IMG_1961-1024x1019.jpeg","thumbnail_width":1024,"thumbnail_height":1019,"description":"Unger und K\u00f6tter: \u201eKreis muss Kommunen bei W\u00e4rmeplanung unterst\u00fctzen!\u201c F\u00f6rdergelder nur noch bis Ende des Jahres abrufbar Das hessische Energiegesetz verlangt k\u00fcnftig von vielen St\u00e4dten und Gemeinden eine kommunale W\u00e4rmeplanung. Ab November 2023 werden St\u00e4dte und Gemeinden ab 20.000 Einwohnern zu einer kommunalen W\u00e4rmeplanung verpflichtet. Aber die Diskussionen und Ank\u00fcndigungen lassen vermuten, dass auch kleinere [&hellip;]"}